{"id":38,"date":"2019-04-07T23:58:59","date_gmt":"2019-04-07T23:58:59","guid":{"rendered":"https:\/\/cincinatos.org\/portal\/?page_id=38"},"modified":"2019-07-10T09:00:23","modified_gmt":"2019-07-10T09:00:23","slug":"nuestro-manifiesto","status":"publish","type":"page","link":"https:\/\/cincinatos.org\/portal\/nuestro-manifiesto\/","title":{"rendered":"Nuestro Manifiesto"},"content":{"rendered":"<p class=\"western\" align=\"center\"><span style=\"font-size: large;\">CINCINATOS<\/span><\/p>\n<p class=\"western\" style=\"text-align: justify;\" align=\"justify\"><span style=\"font-size: large;\"><b>REFERENCIA HIST\u00d3RICA<\/b><\/span><\/p>\n<p class=\"western\" style=\"text-align: justify;\" align=\"justify\"><span style=\"font-size: large;\">Por su valent\u00eda, aplomo, audacia, capacidad estrat\u00e9gica, convicci\u00f3n, talento pol\u00edtico y virtudes, Lucio Quincio CINCINATO (519 a.C.-439 a.C.) encarn\u00f3 el modelo del civismo pol\u00edtico romano, la confianza de los gobernados hacia el gobernante y el respeto del pueblo. Tolerante, apaciguador, humilde y discreto fue paradigma del compromiso c\u00edvico, inteligencia pr\u00e1ctica, de fidelidad a la Rep\u00fablica Romana, la visi\u00f3n de Estado, la honestidad, la rectitud, la confianza, la honorabilidad, la modestia, la integridad, la nobleza, la austeridad, la falta de ambici\u00f3n personal, servicio p\u00fablico desinteresado, el l\u00edmite preciso y necesario de un mandatario, del sentido y bien com\u00fan. <\/span><\/p>\n<p class=\"western\" style=\"text-align: justify;\" align=\"justify\"><span style=\"font-size: large;\"><b>MOTIVACI\u00d3N<\/b><\/span><\/p>\n<p class=\"western\" style=\"text-align: justify;\" align=\"justify\"><span style=\"font-size: large;\">Convencidos como estamos de la ausencia de un &#8216;Cincinato&#8217; en la actividad pol\u00edtica actual, as\u00ed como de la imposibilidad de encontrar esos valores en una sola persona, se hace necesaria la creaci\u00f3n de una organizaci\u00f3n\/instituci\u00f3n que plantee un revisionismo axiol\u00f3gico y cr\u00edtico de las actuaciones y principios de los representantes pol\u00edticos como medios de transformaci\u00f3n pol\u00edtico-social. S\u00f3lo si desde la sociedad civil se les exige, se abordar\u00e1 la regeneraci\u00f3n pol\u00edtica f\u00e1ctica que nos devuelva colectivamente la confianza y el respeto hacia nuestras instituciones y sus representantes.<\/span><\/p>\n<p class=\"western\" style=\"text-align: justify;\" align=\"justify\"><span style=\"font-size: large;\">S\u00f3lo apuntaremos unos cuantos \u00edtems de instrumentalizaci\u00f3n formal sin tintes ideol\u00f3gicos: la responsabilidad pol\u00edtica del gobernante y los representantes pol\u00edticos; la gesti\u00f3n eficiente, sensata y equilibrada del poder recibido; corresponder adecuadamente a la confianza depositada por los ciudadanos \u2013y la dimisi\u00f3n inmediata, en caso contrario-; el cumplimiento del deber bajo las normas democr\u00e1ticas sin buscar recovecos perversos, mentiras ni trilerismos; el respeto absoluto a la Ley y a los principios constitucionales; la mejora de los mecanismos de control gubernamental; el acercamiento a las democracias avanzadas; la separaci\u00f3n real de poderes, la lucha contra la corrupci\u00f3n y las mentiras pol\u00edticas normalizadas; la despolitizaci\u00f3n de los s\u00edmbolos de la naci\u00f3n, la obligaci\u00f3n de mantener y defender el patrimonio cultural, art\u00edstico, ling\u00fc\u00edstico y territorial heredados de las generaciones anteriores, etc. <\/span><\/p>\n<p class=\"western\" style=\"text-align: justify;\" align=\"justify\"><span style=\"font-size: large;\">Por ello, colectivos, grupos, asociaciones, sociedades civiles y agrupaciones deben ser los arietes para una ineludible regeneraci\u00f3n dirigida al bien com\u00fan de las generaciones actuales y futuras, la superaci\u00f3n de crisis venideras y la prevenci\u00f3n de situaciones inconstitucionales actuales y posibles. Lejos de posiciones extremistas, sectarias y populistas, el sentido com\u00fan, la convivencia y el respeto deben llevarnos a la b\u00fasqueda de soluciones conjuntas y medidas democr\u00e1ticas con valores civiles comunes que propicien una mayor prosperidad y calidad democr\u00e1tica, a la altura del siglo XXI. <\/span><\/p>\n<p class=\"western\" style=\"text-align: justify;\" align=\"justify\"><span style=\"font-size: large;\"><b>QUI\u00c9NES SOMOS<\/b><\/span><\/p>\n<p class=\"western\" style=\"text-align: justify;\" align=\"justify\"><span style=\"font-size: large;\">Personas de la sociedad civil unidas por valores como el respeto, el di\u00e1logo, la tolerancia, el compromiso desinteresado por el bien com\u00fan, la responsabilidad individual, la lucha contra la corrupci\u00f3n, la regeneraci\u00f3n real de la vida pol\u00edtica, la transparencia, la libertad pol\u00edtica y la igualdad de todos los espa\u00f1oles ante la Ley, que confluimos en una misma organizaci\u00f3n interesada en instaurar entre los representantes pol\u00edticos los principios que rigieron la actuaci\u00f3n de nuestro referente hist\u00f3rico, Cincinato. <\/span><\/p>\n<p class=\"western\" style=\"text-align: justify;\" align=\"justify\"><span style=\"font-size: large;\"><b>OBJETIVOS<\/b><\/span><\/p>\n<ul style=\"text-align: justify;\">\n<li>\n<p class=\"western\" align=\"justify\"><span style=\"font-size: large;\">Lograr reunir y cohesionar a una diversidad de civiles por encima de ideolog\u00edas, personalismos y liderazgos, identificada con los valores mencionados supra, para exigir un cambio de modelo de actuaci\u00f3n y \u00e9tico en los \u00e1mbitos de la administraci\u00f3n del Estado y la vida pol\u00edtica de Espa\u00f1a.<\/span><\/p>\n<\/li>\n<\/ul>\n<ul style=\"text-align: justify;\">\n<li>\n<p class=\"western\" align=\"justify\"><span style=\"font-size: large;\">Defender el Estado de Derecho vigente, la seguridad de todos, los derechos civiles recogidos en la Constituci\u00f3n y el desarrollo de los mismos para su avance.<\/span><\/p>\n<\/li>\n<\/ul>\n<ul style=\"text-align: justify;\">\n<li>\n<p class=\"western\" align=\"justify\"><span style=\"font-size: large;\">Exigir la regeneraci\u00f3n pol\u00edtica f\u00e1ctica para volver a tener colectivamente la confianza y el respeto hacia nuestras instituciones y sus representantes.<\/span><\/p>\n<\/li>\n<\/ul>\n<ul style=\"text-align: justify;\">\n<li>\n<p class=\"western\" align=\"justify\"><span style=\"font-size: large;\">Lograr mejorar el sistema de convivencia.<\/span><\/p>\n<\/li>\n<\/ul>\n<ul style=\"text-align: justify;\">\n<li>\n<p class=\"western\" align=\"justify\"><span style=\"font-size: large;\">Defender y promover los principios democr\u00e1ticos. <\/span><\/p>\n<\/li>\n<\/ul>\n<ul style=\"text-align: justify;\">\n<li>\n<p class=\"western\" align=\"justify\"><span style=\"font-size: large;\">Reivindicar y valorar el patrimonio cultural com\u00fan, nuestra Historia y sus logros. <\/span><\/p>\n<\/li>\n<\/ul>\n<ul style=\"text-align: justify;\">\n<li>\n<p class=\"western\" align=\"justify\"><span style=\"font-size: large;\">Despolitizar los s\u00edmbolos de la Naci\u00f3n.<\/span><\/p>\n<\/li>\n<\/ul>\n<ul style=\"text-align: justify;\">\n<li>\n<p class=\"western\" align=\"justify\"><span style=\"font-size: large;\">Poner en cuesti\u00f3n, debatir y analizar los problemas actuales de la sociedad espa\u00f1ola en aras del progreso y de la libertad.<\/span><\/p>\n<\/li>\n<\/ul>\n<ul style=\"text-align: justify;\">\n<li>\n<p class=\"western\" align=\"justify\"><span style=\"font-size: large;\">Proponer mejoras y soluciones -en los distintos \u00e1mbitos- que redunden en el bien com\u00fan. <\/span><\/p>\n<\/li>\n<li>\n<p class=\"western\" align=\"justify\"><span style=\"font-size: large;\">Ayudar a iniciativas de otras corporaciones que abunden en el desarrollo y evoluci\u00f3n de la sociedad civil. <\/span><\/p>\n<\/li>\n<\/ul>\n<ul>\n<li>\n<p class=\"western\" style=\"text-align: justify;\" align=\"justify\"><span style=\"font-size: large;\">Colaborar con instituciones y organismos con acciones, medidas, soluciones conjuntas a los problemas sociales. <\/span><\/p>\n<\/li>\n<\/ul>\n","protected":false},"excerpt":{"rendered":"<p>CINCINATOS REFERENCIA HIST\u00d3RICA Por su valent\u00eda, aplomo, audacia, capacidad estrat\u00e9gica, convicci\u00f3n, talento pol\u00edtico y virtudes, Lucio Quincio CINCINATO (519 a.C.-439 a.C.) encarn\u00f3 el modelo del civismo pol\u00edtico romano, la confianza de los gobernados hacia el gobernante y el respeto del pueblo. Tolerante, apaciguador, humilde y discreto fue paradigma del compromiso c\u00edvico, inteligencia pr\u00e1ctica, de fidelidad &#8230; <a title=\"Nuestro Manifiesto\" class=\"read-more\" href=\"https:\/\/cincinatos.org\/portal\/nuestro-manifiesto\/\" aria-label=\"M\u00e1s en Nuestro Manifiesto\">Leer m\u00e1s<\/a><\/p>\n","protected":false},"author":1,"featured_media":0,"parent":0,"menu_order":0,"comment_status":"closed","ping_status":"closed","template":"","meta":[],"_links":{"self":[{"href":"https:\/\/cincinatos.org\/portal\/wp-json\/wp\/v2\/pages\/38"}],"collection":[{"href":"https:\/\/cincinatos.org\/portal\/wp-json\/wp\/v2\/pages"}],"about":[{"href":"https:\/\/cincinatos.org\/portal\/wp-json\/wp\/v2\/types\/page"}],"author":[{"embeddable":true,"href":"https:\/\/cincinatos.org\/portal\/wp-json\/wp\/v2\/users\/1"}],"replies":[{"embeddable":true,"href":"https:\/\/cincinatos.org\/portal\/wp-json\/wp\/v2\/comments?post=38"}],"version-history":[{"count":0,"href":"https:\/\/cincinatos.org\/portal\/wp-json\/wp\/v2\/pages\/38\/revisions"}],"wp:attachment":[{"href":"https:\/\/cincinatos.org\/portal\/wp-json\/wp\/v2\/media?parent=38"}],"curies":[{"name":"wp","href":"https:\/\/api.w.org\/{rel}","templated":true}]}}